{"id":5693,"date":"2025-11-09T11:49:01","date_gmt":"2025-11-09T10:49:01","guid":{"rendered":"https:\/\/www.angusmuelleuno.com\/menus-navidad-empresas\/"},"modified":"2025-11-09T15:05:31","modified_gmt":"2025-11-09T14:05:31","slug":"menus-navidad-empresas","status":"publish","type":"page","link":"https:\/\/www.angusmuelleuno.com\/es\/menus-navidad-empresas\/","title":{"rendered":"Menus Navidad Empresas"},"content":{"rendered":"<p>[et_pb_section fb_built=\u00bb1&#8243; inner_shadow=\u00bbon\u00bb custom_padding_last_edited=\u00bbon|desktop\u00bb admin_label=\u00bbPage Header Section\u00bb _builder_version=\u00bb4.27.0&#8243; _module_preset=\u00bbdefault\u00bb background_color=\u00bb#000000&#8243; background_enable_image=\u00bboff\u00bb custom_padding=\u00bb15vh||15vh|\u00bb custom_padding_tablet=\u00bb50px|0|50px|0&#8243; custom_padding_phone=\u00bb\u00bb collapsed=\u00bboff\u00bb global_colors_info=\u00bb{}\u00bb][et_pb_row padding_mobile=\u00bboff\u00bb column_padding_mobile=\u00bbon\u00bb admin_label=\u00bbrow\u00bb module_class=\u00bb et_pb_row_fullwidth\u00bb _builder_version=\u00bb4.16&#8243; _module_preset=\u00bbdefault\u00bb background_size=\u00bbinitial\u00bb background_position=\u00bbtop_left\u00bb background_repeat=\u00bbrepeat\u00bb width=\u00bb89%\u00bb width_tablet=\u00bb80%\u00bb width_phone=\u00bb80%\u00bb width_last_edited=\u00bbon|desktop\u00bb max_width=\u00bb89%\u00bb max_width_tablet=\u00bb80%\u00bb max_width_phone=\u00bb80%\u00bb max_width_last_edited=\u00bbon|desktop\u00bb custom_css_main_element=\u00bbtext-align:center;\u00bb make_fullwidth=\u00bbon\u00bb use_custom_width=\u00bboff\u00bb width_unit=\u00bbon\u00bb global_colors_info=\u00bb{}\u00bb][et_pb_column type=\u00bb4_4&#8243; _builder_version=\u00bb4.16&#8243; _module_preset=\u00bbdefault\u00bb custom_padding=\u00bb|||\u00bb custom_css_main_element=\u00bbtext-align: center;\u00bb global_colors_info=\u00bb{}\u00bb custom_padding__hover=\u00bb|||\u00bb][et_pb_image src=\u00bbhttps:\/\/www.angusmuelleuno.com\/wp-content\/uploads\/2025\/11\/angus.jpeg\u00bb alt=\u00bbMenus Navidad Empresas\u00bb title_text=\u00bbNavidad Menus ANGUS Muelle Uno\u00bb _builder_version=\u00bb4.27.4&#8243; _module_preset=\u00bbdefault\u00bb global_colors_info=\u00bb{}\u00bb][\/et_pb_image][et_pb_blurb title=\u00bbMenus Navidad Empresas\u00bb image_icon_width=\u00bbnone\u00bb _builder_version=\u00bb4.27.4&#8243; _module_preset=\u00bbdefault\u00bb header_text_color=\u00bb#FFFFFF\u00bb header_font_size=\u00bb45px\u00bb header_line_height=\u00bb1.3em\u00bb body_font=\u00bbCuprum||||\u00bb body_text_color=\u00bb#ab8b65&#8243; body_font_size=\u00bb21&#8243; body_line_height=\u00bb2em\u00bb background_size=\u00bbinitial\u00bb background_position=\u00bbtop_left\u00bb background_repeat=\u00bbrepeat\u00bb text_orientation=\u00bbcenter\u00bb background_layout=\u00bbdark\u00bb custom_margin=\u00bb0px|0px|0px|0px\u00bb custom_margin_tablet=\u00bb\u00bb custom_margin_phone=\u00bb\u00bb custom_margin_last_edited=\u00bbon|desktop\u00bb custom_padding=\u00bb0px|0px|0px|0px\u00bb header_font_size_tablet=\u00bb50&#8243; header_font_size_phone=\u00bb40&#8243; header_font_size_last_edited=\u00bbon|phone\u00bb custom_css_blurb_content=\u00bbmax-width:100% !important;\u00bb use_border_color=\u00bboff\u00bb border_color=\u00bb#ffffff\u00bb border_style=\u00bbsolid\u00bb image_max_width=\u00bbnone\u00bb use_circle=\u00bboff\u00bb use_circle_border=\u00bboff\u00bb circle_border_color=\u00bb#7EBEC5&#8243; circle_color=\u00bb#7EBEC5&#8243; global_colors_info=\u00bb{}\u00bb][\/et_pb_blurb][et_pb_divider divider_position=\u00bbcenter\u00bb disabled_on=\u00bbon|on|off\u00bb _builder_version=\u00bb4.16&#8243; _module_preset=\u00bbdefault\u00bb custom_css_main_element=\u00bbmax-width:40%;||padding: 25px 0;||margin: 0 auto;\u00bb hide_on_mobile=\u00bbon\u00bb global_colors_info=\u00bb{}\u00bb][\/et_pb_divider][et_pb_text _builder_version=\u00bb4.27.4&#8243; _module_preset=\u00bbdefault\u00bb text_font=\u00bbCuprum|||on|\u00bb text_text_color=\u00bb#f1f1f1&#8243; text_font_size=\u00bb18px\u00bb text_line_height=\u00bb1.9em\u00bb background_size=\u00bbinitial\u00bb background_position=\u00bbtop_left\u00bb background_repeat=\u00bbrepeat\u00bb text_orientation=\u00bbcenter\u00bb background_layout=\u00bbdark\u00bb module_alignment=\u00bbcenter\u00bb custom_padding=\u00bb|10%||10%\u00bb custom_padding_tablet=\u00bb|5%||5%\u00bb custom_padding_phone=\u00bb|0px||0px\u00bb custom_padding_last_edited=\u00bbon|phone\u00bb use_border_color=\u00bboff\u00bb border_color=\u00bb#ffffff\u00bb border_style=\u00bbsolid\u00bb global_colors_info=\u00bb{}\u00bb]<\/p>\n<p style=\"text-align: center;\">\ud83c\udf84Celebra la Navidad con los irresistibles sabores de nuestros Restaurantes ANGUS\ud83c\udf84<br \/>En estas fiestas, ANGUS te invita a disfrutar de inolvidables cenas y almuerzos de empresa con nuestros men\u00fas especiales de Navidad. Sabemos lo agradable que es celebrar con compa\u00f1eros de trabajo, amigos y familiares, por lo que hemos elaborado exquisitas opciones que te permitir\u00e1n centrarte \u00fanicamente en disfrutar del momento.<br \/>Men\u00fa de Navidad 2025 &#8211; Restaurantes ANGUS \ud83c\udf7d<br \/>Con platos que combinan la tradici\u00f3n con la alta cocina, nuestros men\u00fas satisfacen todos los paladares: desde carnes ANGUS de primera calidad, cerdo, pescado, pasta y postres, \u00a1todo ello preparado con la calidad caracter\u00edstica de ANGUS!<br \/>\u00bfQu\u00e9 puedes esperar de nuestros men\u00fas?<br \/>\ud83c\udf85 Entrantes festivos con un toque gourmet.<br \/>\ud83e\udd69 Cortes premium de nuestras mejores carnes ANGUS<br \/>\ud83c\udf70 Deliciosos postres navide\u00f1os caseros para rematar la velada<br \/>\u00a1Reserva ya tu mesa y haz de estas fiestas un momento memorable! \ud83e\udd42<br \/>Si tienes alguna pregunta, env\u00eda un correo electr\u00f3nico <a href=\"mailto:reservas@angus.es\">a reservas@angus.es<\/a> o llama al +34 951 777 848. Estoy en la oficina de lunes a viernes de 9:00h a 17:00h.<br \/>Por favor, visita <a href=\"https:\/\/www.angus.es\/\" target=\"_blank\" rel=\"noopener\">www.angus.es<\/a> para m\u00e1s informaci\u00f3n.<\/p>\n<p>[\/et_pb_text][et_pb_button button_url=\u00bbhttps:\/\/www.angusmuelleuno.com\/wp-content\/uploads\/2025\/11\/ANGUS-Menu-Navidad-Empresas.pdf\u00bb url_new_window=\u00bbon\u00bb button_text=\u00bbMenus Navidad Empresas\u00bb _builder_version=\u00bb4.27.4&#8243; _module_preset=\u00bbdefault\u00bb custom_button=\u00bbon\u00bb button_text_color=\u00bb#FFFFFF\u00bb button_bg_color=\u00bb#ff0000&#8243; button_border_color=\u00bb#000000&#8243; button_font=\u00bb&#8211;et_global_heading_font|||on|||||\u00bb button_icon=\u00bb&#x22;||divi||400&#8243; background_layout=\u00bbdark\u00bb global_colors_info=\u00bb{}\u00bb][\/et_pb_button][\/et_pb_column][\/et_pb_row][\/et_pb_section][et_pb_section fb_built=\u00bb1&#8243; custom_padding_last_edited=\u00bbon|desktop\u00bb admin_label=\u00bbfooter\u00bb _builder_version=\u00bb4.27.3&#8243; _module_preset=\u00bbdefault\u00bb background_color=\u00bb#000000&#8243; custom_padding=\u00bb0px|||\u00bb custom_padding_tablet=\u00bb0px|0px|0px|0px\u00bb custom_padding_phone=\u00bb\u00bb transparent_background=\u00bboff\u00bb padding_mobile=\u00bboff\u00bb make_fullwidth=\u00bboff\u00bb use_custom_width=\u00bboff\u00bb width_unit=\u00bbon\u00bb global_module=\u00bb818&#8243; collapsed=\u00bboff\u00bb global_colors_info=\u00bb{}\u00bb][et_pb_row padding_mobile=\u00bboff\u00bb column_padding_mobile=\u00bbon\u00bb module_id=\u00bbglobal-footer-4&#8243; _builder_version=\u00bb4.16&#8243; _module_preset=\u00bbdefault\u00bb background_size=\u00bbinitial\u00bb background_position=\u00bbtop_left\u00bb background_repeat=\u00bbrepeat\u00bb make_fullwidth=\u00bboff\u00bb use_custom_width=\u00bboff\u00bb width_unit=\u00bbon\u00bb global_colors_info=\u00bb{}\u00bb][et_pb_column type=\u00bb4_4&#8243; _builder_version=\u00bb4.16&#8243; _module_preset=\u00bbdefault\u00bb custom_padding=\u00bb|||\u00bb global_colors_info=\u00bb{}\u00bb custom_padding__hover=\u00bb|||\u00bb][et_pb_divider color=\u00bb#45494e\u00bb divider_style=\u00bbridge\u00bb _builder_version=\u00bb4.16&#8243; _module_preset=\u00bbdefault\u00bb hide_on_mobile=\u00bboff\u00bb global_colors_info=\u00bb{}\u00bb][\/et_pb_divider][\/et_pb_column][\/et_pb_row][et_pb_row column_structure=\u00bb1_4,1_4,1_4,1_4&#8243; padding_mobile=\u00bboff\u00bb column_padding_mobile=\u00bbon\u00bb module_id=\u00bbglobal-footer-5&#8243; _builder_version=\u00bb4.16&#8243; _module_preset=\u00bbdefault\u00bb background_size=\u00bbinitial\u00bb background_position=\u00bbtop_left\u00bb background_repeat=\u00bbrepeat\u00bb make_fullwidth=\u00bboff\u00bb use_custom_width=\u00bboff\u00bb width_unit=\u00bbon\u00bb global_colors_info=\u00bb{}\u00bb][et_pb_column type=\u00bb1_4&#8243; _builder_version=\u00bb4.16&#8243; _module_preset=\u00bbdefault\u00bb custom_padding=\u00bb|||\u00bb global_colors_info=\u00bb{}\u00bb custom_padding__hover=\u00bb|||\u00bb][et_pb_blurb title=\u00bbEnv\u00eda un correo electr\u00f3nico a\u00bb use_icon=\u00bbon\u00bb font_icon=\u00bb&#xe010;||divi||400&#8243; image_icon_width=\u00bb30px\u00bb _builder_version=\u00bb4.27.3&#8243; _module_preset=\u00bbdefault\u00bb body_text_color=\u00bb#aaa9a9&#8243; background_size=\u00bbinitial\u00bb background_position=\u00bbtop_left\u00bb background_repeat=\u00bbrepeat\u00bb text_orientation=\u00bbcenter\u00bb background_layout=\u00bbdark\u00bb use_border_color=\u00bboff\u00bb border_color=\u00bb#ffffff\u00bb border_style=\u00bbsolid\u00bb icon_font_size=\u00bb30px\u00bb use_circle=\u00bboff\u00bb use_circle_border=\u00bboff\u00bb circle_border_color=\u00bb#7EBEC5&#8243; circle_color=\u00bb#7EBEC5&#8243; global_colors_info=\u00bb{}\u00bb]<\/p>\n<p><span style=\"color: #ffffff;\">reservas@angus.es<\/span><\/p>\n<p>[\/et_pb_blurb][\/et_pb_column][et_pb_column type=\u00bb1_4&#8243; _builder_version=\u00bb4.16&#8243; _module_preset=\u00bbdefault\u00bb custom_padding=\u00bb|||\u00bb global_colors_info=\u00bb{}\u00bb custom_padding__hover=\u00bb|||\u00bb][et_pb_blurb title=\u00bbLl\u00e1manos\u00bb use_icon=\u00bbon\u00bb font_icon=\u00bb&#xe090;||divi||400&#8243; image_icon_width=\u00bb30px\u00bb _builder_version=\u00bb4.27.3&#8243; _module_preset=\u00bbdefault\u00bb body_text_color=\u00bb#aaa9a9&#8243; background_size=\u00bbinitial\u00bb background_position=\u00bbtop_left\u00bb background_repeat=\u00bbrepeat\u00bb text_orientation=\u00bbcenter\u00bb background_layout=\u00bbdark\u00bb use_border_color=\u00bboff\u00bb border_color=\u00bb#ffffff\u00bb border_style=\u00bbsolid\u00bb icon_font_size=\u00bb30px\u00bb use_circle=\u00bboff\u00bb use_circle_border=\u00bboff\u00bb circle_border_color=\u00bb#7EBEC5&#8243; circle_color=\u00bb#7EBEC5&#8243; global_colors_info=\u00bb{}\u00bb]<\/p>\n<p><span style=\"color: #ffffff;\">952 001 120<\/span><\/p>\n<p>[\/et_pb_blurb][\/et_pb_column][et_pb_column type=\u00bb1_4&#8243; _builder_version=\u00bb4.16&#8243; _module_preset=\u00bbdefault\u00bb custom_padding=\u00bb|||\u00bb global_colors_info=\u00bb{}\u00bb custom_padding__hover=\u00bb|||\u00bb][et_pb_blurb title=\u00bbEncu\u00e9ntranos\u00bb use_icon=\u00bbon\u00bb font_icon=\u00bb&#xe01e;||divi||400&#8243; image_icon_width=\u00bb30px\u00bb _builder_version=\u00bb4.27.3&#8243; _module_preset=\u00bbdefault\u00bb body_text_color=\u00bb#aaa9a9&#8243; background_size=\u00bbinitial\u00bb background_position=\u00bbtop_left\u00bb background_repeat=\u00bbrepeat\u00bb text_orientation=\u00bbcenter\u00bb background_layout=\u00bbdark\u00bb use_border_color=\u00bboff\u00bb border_color=\u00bb#ffffff\u00bb border_style=\u00bbsolid\u00bb image_max_width=\u00bbnone\u00bb icon_font_size=\u00bb30px\u00bb use_circle=\u00bboff\u00bb use_circle_border=\u00bboff\u00bb circle_border_color=\u00bb#7EBEC5&#8243; circle_color=\u00bb#7EBEC5&#8243; global_colors_info=\u00bb{}\u00bb]<\/p>\n<p><span style=\"color: #ffffff;\">Muelle Uno, Local 55,<\/span><br \/><span style=\"color: #ffffff;\">P.\u00ba de la Farola, 29001 M\u00e1laga<\/span><\/p>\n<p>[\/et_pb_blurb][\/et_pb_column][et_pb_column type=\u00bb1_4&#8243; _builder_version=\u00bb4.16&#8243; _module_preset=\u00bbdefault\u00bb custom_padding=\u00bb|||\u00bb global_colors_info=\u00bb{}\u00bb custom_padding__hover=\u00bb|||\u00bb][et_pb_blurb title=\u00bbEncu\u00e9ntranos\u00bb use_icon=\u00bbon\u00bb font_icon=\u00bb&#x7d;||divi||400&#8243; image_icon_width=\u00bb30px\u00bb _builder_version=\u00bb4.27.3&#8243; _module_preset=\u00bbdefault\u00bb body_text_color=\u00bb#aaa9a9&#8243; background_size=\u00bbinitial\u00bb background_position=\u00bbtop_left\u00bb background_repeat=\u00bbrepeat\u00bb text_orientation=\u00bbcenter\u00bb background_layout=\u00bbdark\u00bb use_border_color=\u00bboff\u00bb border_color=\u00bb#ffffff\u00bb border_style=\u00bbsolid\u00bb image_max_width=\u00bbnone\u00bb icon_font_size=\u00bb30px\u00bb use_circle=\u00bboff\u00bb use_circle_border=\u00bboff\u00bb circle_border_color=\u00bb#7EBEC5&#8243; circle_color=\u00bb#7EBEC5&#8243; global_colors_info=\u00bb{}\u00bb]<\/p>\n<p><span style=\"color: #ffffff;\">Lunes-Domingo<\/span><br \/><span style=\"color: #ffffff;\">13:00h-00:00h<\/span><\/p>\n<p>[\/et_pb_blurb][\/et_pb_column][\/et_pb_row][et_pb_row padding_mobile=\u00bboff\u00bb column_padding_mobile=\u00bbon\u00bb module_id=\u00bbglobal-footer-6&#8243; _builder_version=\u00bb4.16&#8243; _module_preset=\u00bbdefault\u00bb background_size=\u00bbinitial\u00bb background_position=\u00bbtop_left\u00bb background_repeat=\u00bbrepeat\u00bb make_fullwidth=\u00bboff\u00bb use_custom_width=\u00bboff\u00bb width_unit=\u00bbon\u00bb global_colors_info=\u00bb{}\u00bb][et_pb_column type=\u00bb4_4&#8243; _builder_version=\u00bb4.16&#8243; _module_preset=\u00bbdefault\u00bb custom_padding=\u00bb|||\u00bb global_colors_info=\u00bb{}\u00bb custom_padding__hover=\u00bb|||\u00bb][et_pb_divider color=\u00bb#45494e\u00bb divider_style=\u00bboutset\u00bb _builder_version=\u00bb4.16&#8243; _module_preset=\u00bbdefault\u00bb hide_on_mobile=\u00bboff\u00bb global_colors_info=\u00bb{}\u00bb][\/et_pb_divider][\/et_pb_column][\/et_pb_row][\/et_pb_section]<\/p>\n","protected":false},"excerpt":{"rendered":"<p>\ud83c\udf84Celebra la Navidad con los irresistibles sabores de nuestros Restaurantes ANGUS\ud83c\udf84En estas fiestas, ANGUS te invita a disfrutar de inolvidables cenas y almuerzos de empresa con nuestros men\u00fas especiales de Navidad. Sabemos lo agradable que es celebrar con compa\u00f1eros de trabajo, amigos y familiares, por lo que hemos elaborado exquisitas opciones que te permitir\u00e1n centrarte [&hellip;]<\/p>\n","protected":false},"author":1,"featured_media":0,"parent":0,"menu_order":0,"comment_status":"closed","ping_status":"closed","template":"","meta":{"_et_pb_use_builder":"on","_et_pb_old_content":"","_et_gb_content_width":"","footnotes":""},"class_list":["post-5693","page","type-page","status-publish","hentry"],"_links":{"self":[{"href":"https:\/\/www.angusmuelleuno.com\/es\/wp-json\/wp\/v2\/pages\/5693","targetHints":{"allow":["GET"]}}],"collection":[{"href":"https:\/\/www.angusmuelleuno.com\/es\/wp-json\/wp\/v2\/pages"}],"about":[{"href":"https:\/\/www.angusmuelleuno.com\/es\/wp-json\/wp\/v2\/types\/page"}],"author":[{"embeddable":true,"href":"https:\/\/www.angusmuelleuno.com\/es\/wp-json\/wp\/v2\/users\/1"}],"replies":[{"embeddable":true,"href":"https:\/\/www.angusmuelleuno.com\/es\/wp-json\/wp\/v2\/comments?post=5693"}],"version-history":[{"count":15,"href":"https:\/\/www.angusmuelleuno.com\/es\/wp-json\/wp\/v2\/pages\/5693\/revisions"}],"predecessor-version":[{"id":5714,"href":"https:\/\/www.angusmuelleuno.com\/es\/wp-json\/wp\/v2\/pages\/5693\/revisions\/5714"}],"wp:attachment":[{"href":"https:\/\/www.angusmuelleuno.com\/es\/wp-json\/wp\/v2\/media?parent=5693"}],"curies":[{"name":"wp","href":"https:\/\/api.w.org\/{rel}","templated":true}]}}